{"id":345,"date":"2024-02-09T15:23:53","date_gmt":"2024-02-09T14:23:53","guid":{"rendered":"http:\/\/miq-systems.de\/?page_id=345"},"modified":"2025-07-11T12:42:40","modified_gmt":"2025-07-11T10:42:40","slug":"datenschutz","status":"publish","type":"page","link":"https:\/\/iomtech.com\/web\/datenschutz\/","title":{"rendered":"Datenschutz"},"content":{"rendered":"\t\t<div data-elementor-type=\"wp-page\" data-elementor-id=\"345\" class=\"elementor elementor-345\">\n\t\t\t\t<div class=\"elementor-element elementor-element-e62a79f e-flex e-con-boxed e-con e-parent\" data-id=\"e62a79f\" data-element_type=\"container\">\n\t\t\t\t\t<div class=\"e-con-inner\">\n\t\t\t\t<div class=\"elementor-element elementor-element-fa5b6f9 elementor-widget elementor-widget-heading\" data-id=\"fa5b6f9\" data-element_type=\"widget\" data-widget_type=\"heading.default\">\n\t\t\t\t<div class=\"elementor-widget-container\">\n\t\t\t<h2 class=\"elementor-heading-title elementor-size-default\">Datenschutzerkl\u00e4rung<\/h2>\t\t<\/div>\n\t\t\t\t<\/div>\n\t\t\t\t<div class=\"elementor-element elementor-element-dd5b0b3 elementor-widget elementor-widget-text-editor\" data-id=\"dd5b0b3\" data-element_type=\"widget\" data-widget_type=\"text-editor.default\">\n\t\t\t\t<div class=\"elementor-widget-container\">\n\t\t\t\t\t\t\t<p>Wir informieren Sie nachfolgend gem\u00e4\u00df den gesetzlichen Vorgaben des Datenschutzrechts (insb. gem\u00e4\u00df BDSG n.F. und der europ\u00e4ischen Datenschutz-Grundverordnung\u201a DS-GVO\u2018) \u00fcber die Art, den Umfang und Zweck der Verarbeitung personenbezogener Daten durch unser Unternehmen. Diese Datenschutzerkl\u00e4rung gilt auch f\u00fcr unsere Websites und Sozial-Media-Profile. Bez\u00fcglich der Definition von Begriffen wie etwa \u201epersonenbezogene Daten\u201c oder \u201eVerarbeitung\u201c verweisen wir auf Art. 4 DS-GVO.<\/p>\t\t\t\t\t\t<\/div>\n\t\t\t\t<\/div>\n\t\t\t\t\t<\/div>\n\t\t\t\t<\/div>\n\t\t<div class=\"elementor-element elementor-element-fa997fb e-flex e-con-boxed e-con e-parent\" data-id=\"fa997fb\" data-element_type=\"container\">\n\t\t\t\t\t<div class=\"e-con-inner\">\n\t\t\t\t<div class=\"elementor-element elementor-element-7e5028b elementor-widget elementor-widget-heading\" data-id=\"7e5028b\" data-element_type=\"widget\" data-widget_type=\"heading.default\">\n\t\t\t\t<div class=\"elementor-widget-container\">\n\t\t\t<h3 class=\"elementor-heading-title elementor-size-default\">Name und Kontaktdaten des \/ der Verantwortlichen<\/h3>\t\t<\/div>\n\t\t\t\t<\/div>\n\t\t\t\t<div class=\"elementor-element elementor-element-77cc8be elementor-widget elementor-widget-text-editor\" data-id=\"77cc8be\" data-element_type=\"widget\" data-widget_type=\"text-editor.default\">\n\t\t\t\t<div class=\"elementor-widget-container\">\n\t\t\t\t\t\t\t<p>Unser\/e Verantwortliche\/r (nachfolgend \u201eVerantwortlicher\u201c) i.S.d. Art. 4 Zif. 7 DS-GVO ist:<\/p><p>IOMTech GmbH\u00a0Nienkemperstr. 13<br \/>14167 Berlin<br \/>Gesch\u00e4ftsf\u00fchrer: Marc D\u00fcffelmeyer<br \/>Handelsregister\/Nr.: HRB 76975<br \/>Registergericht: Amtsgericht Berlin Charlottenburg<br \/>Fax:\u00a0<a href=\"fax:+4903061791711\">+49 (0)30 617917-11<\/a><br \/>E-Mail-Adresse:\u00a0<a href=\"mailto:info@iomtech.de\">info@iomtech.de<\/a><\/p>\t\t\t\t\t\t<\/div>\n\t\t\t\t<\/div>\n\t\t\t\t\t<\/div>\n\t\t\t\t<\/div>\n\t\t<div class=\"elementor-element elementor-element-aa67ab4 e-flex e-con-boxed e-con e-parent\" data-id=\"aa67ab4\" data-element_type=\"container\">\n\t\t\t\t\t<div class=\"e-con-inner\">\n\t\t\t\t<div class=\"elementor-element elementor-element-87f4dbe elementor-widget elementor-widget-heading\" data-id=\"87f4dbe\" data-element_type=\"widget\" data-widget_type=\"heading.default\">\n\t\t\t\t<div class=\"elementor-widget-container\">\n\t\t\t<h3 class=\"elementor-heading-title elementor-size-default\">Datenarten, Zwecke der Verarbeitung und Kategorien betroffener Personen<\/h3>\t\t<\/div>\n\t\t\t\t<\/div>\n\t\t\t\t<div class=\"elementor-element elementor-element-c51f45d elementor-widget elementor-widget-text-editor\" data-id=\"c51f45d\" data-element_type=\"widget\" data-widget_type=\"text-editor.default\">\n\t\t\t\t<div class=\"elementor-widget-container\">\n\t\t\t\t\t\t\t<p>Nachfolgend informieren wir Sie \u00fcber Art, Umfang und Zweck der Erhebung, Verarbeitung und Nutzung personenbezogener Daten.<\/p>\n<ol>\n<li>Arten der Daten, die wir verarbeiten Nutzungsdaten(Zugriffszeiten, besuchte Websites etc.),<\/li>\n<li>Zwecke der Verarbeitung nach Art. 13 Abs. 1 c) DS-GVO\u00a0<\/li>\n<li>Kategorien der betroffenen Personen nach Art. 13 Abs. 1 e) DS-GVODie betroffenen Personen werden zusammenfassend als \u201eNutzer\u201c bezeichnet.<\/li>\n<\/ol>\t\t\t\t\t\t<\/div>\n\t\t\t\t<\/div>\n\t\t\t\t\t<\/div>\n\t\t\t\t<\/div>\n\t\t<div class=\"elementor-element elementor-element-cf1c011 e-flex e-con-boxed e-con e-parent\" data-id=\"cf1c011\" data-element_type=\"container\">\n\t\t\t\t\t<div class=\"e-con-inner\">\n\t\t\t\t<div class=\"elementor-element elementor-element-88ab9ea elementor-widget elementor-widget-heading\" data-id=\"88ab9ea\" data-element_type=\"widget\" data-widget_type=\"heading.default\">\n\t\t\t\t<div class=\"elementor-widget-container\">\n\t\t\t<h3 class=\"elementor-heading-title elementor-size-default\">Rechtsgrundlagen der Verarbeitung personenbezogener Daten<\/h3>\t\t<\/div>\n\t\t\t\t<\/div>\n\t\t\t\t<div class=\"elementor-element elementor-element-d15b072 elementor-widget elementor-widget-text-editor\" data-id=\"d15b072\" data-element_type=\"widget\" data-widget_type=\"text-editor.default\">\n\t\t\t\t<div class=\"elementor-widget-container\">\n\t\t\t\t\t\t\t<p>Nachfolgend Informieren wir Sie \u00fcber die Rechtsgrundlagen der Verarbeitung personenbezogener Daten:<\/p>\n<ol>\n<li>\u00a0Wenn wir Ihre Einwilligung f\u00fcr die Verarbeitung personenbezogenen Daten eingeholt haben, ist Art. 6 Abs. 1 S. 1 lit. a) DS-GVO Rechtsgrundlage.<\/li>\n<li>\u00a0Ist die Verarbeitung zur Erf\u00fcllung eines Vertrags oder zur Durchf\u00fchrung vorvertraglicher Ma\u00dfnahmen erforderlich, die auf Ihre Anfrage hin erfolgen, so ist Art. 6 Abs. 1 S. 1 lit. b) DS-GVO Rechtsgrundlage.<\/li>\n<li>\u00a0Ist die Verarbeitung zur Erf\u00fcllung einer rechtlichen Verpflichtung erforderlich, der wir unterliegen (z.B. gesetzliche Aufbewahrungspflichten), so ist Art. 6 Abs. 1 S. 1 lit. c) DS-GVO Rechtsgrundlage.<\/li>\n<li>\u00a0Ist die Verarbeitung erforderlich, um lebenswichtige Interessen der betroffenen Person oder einer anderen nat\u00fcrlichen Person zu sch\u00fctzen, so ist Art. 6 Abs. 1 S. 1 lit. d) DS-GVO Rechtsgrundlage.<\/li>\n<li>\u00a0Ist die Verarbeitung zur Wahrung unserer oder der berechtigten Interessen eines Dritten erforderlich und \u00fcberwiegen diesbez\u00fcglich Ihre Interessen oder Grundrechte und Grundfreiheiten nicht, so ist Art.<\/li>\n<li>\u00a0Abs. 1 S. 1 lit. f) DS-GVO Rechtsgrundlage.<\/li>\n<\/ol>\t\t\t\t\t\t<\/div>\n\t\t\t\t<\/div>\n\t\t\t\t\t<\/div>\n\t\t\t\t<\/div>\n\t\t<div class=\"elementor-element elementor-element-c0d0cdf e-flex e-con-boxed e-con e-parent\" data-id=\"c0d0cdf\" data-element_type=\"container\">\n\t\t\t\t\t<div class=\"e-con-inner\">\n\t\t\t\t<div class=\"elementor-element elementor-element-996ab31 elementor-widget elementor-widget-heading\" data-id=\"996ab31\" data-element_type=\"widget\" data-widget_type=\"heading.default\">\n\t\t\t\t<div class=\"elementor-widget-container\">\n\t\t\t<h3 class=\"elementor-heading-title elementor-size-default\">Weitergabe personenbezogener Daten an Dritte und Auftragsverarbeiter<\/h3>\t\t<\/div>\n\t\t\t\t<\/div>\n\t\t\t\t<div class=\"elementor-element elementor-element-6574087 elementor-widget elementor-widget-text-editor\" data-id=\"6574087\" data-element_type=\"widget\" data-widget_type=\"text-editor.default\">\n\t\t\t\t<div class=\"elementor-widget-container\">\n\t\t\t\t\t\t\t<p>Ohne Ihre Einwilligung geben wir grunds\u00e4tzlich keine Daten an Dritte weiter. Sollte dies doch der Fall sein, dann erfolgt die Weitergabe auf der Grundlage der zuvor genannten Rechtsgrundlagen z.B. bei der Weitergabe von Daten an Online-Paymentanbieter zur Vertragserf\u00fcllung oder aufgrund gerichtlicher Anordnung oder wegen einer gesetzlichen Verpflichtung zur Herausgabe der Daten zum Zwecke der Strafverfolgung, zur Gefahrenabwehr oder zur Durchsetzung der Rechte am geistigen Eigentum. Wir setzen zudem Auftragsverarbeiter (externe Dienstleister z.B. zum Webhosting unserer Websites und Datenbanken) zur Verarbeitung Ihrer Daten ein. Wenn im Rahmen einer Vereinbarung zur Auftragsverarbeitung an die Auftragsverarbeiter Daten weitergegeben werden, erfolgt dies immer nach Art. 28 DS-GVO. Wir w\u00e4hlen dabei unsere Auftragsverarbeiter sorgf\u00e4ltig aus, kontrollieren diese regelm\u00e4\u00dfig und haben uns ein Weisungsrecht hinsichtlich der Daten einr\u00e4umen lassen. Zudem m\u00fcssen die Auftragsverarbeiter geeignete technische und organisatorische Ma\u00dfnahmen getroffen haben und die Datenschutzvorschriften gem. BDSG n.F. und DS-GVO einhalten<\/p>\t\t\t\t\t\t<\/div>\n\t\t\t\t<\/div>\n\t\t\t\t\t<\/div>\n\t\t\t\t<\/div>\n\t\t<div class=\"elementor-element elementor-element-f46f488 e-flex e-con-boxed e-con e-parent\" data-id=\"f46f488\" data-element_type=\"container\">\n\t\t\t\t\t<div class=\"e-con-inner\">\n\t\t\t\t<div class=\"elementor-element elementor-element-24fdd60 elementor-widget elementor-widget-heading\" data-id=\"24fdd60\" data-element_type=\"widget\" data-widget_type=\"heading.default\">\n\t\t\t\t<div class=\"elementor-widget-container\">\n\t\t\t<h3 class=\"elementor-heading-title elementor-size-default\">Daten\u00fcbermittlung in Drittstaaten<\/h3>\t\t<\/div>\n\t\t\t\t<\/div>\n\t\t\t\t<div class=\"elementor-element elementor-element-c3a82a2 elementor-widget elementor-widget-text-editor\" data-id=\"c3a82a2\" data-element_type=\"widget\" data-widget_type=\"text-editor.default\">\n\t\t\t\t<div class=\"elementor-widget-container\">\n\t\t\t\t\t\t\t<p>Durch die Verabschiedung der europ\u00e4ischen Datenschutz-Grundverordnung (DS-GVO) wurde eine einheitliche Grundlage f\u00fcr den Datenschutz in Europa geschaffen. Ihre Daten werden daher vorwiegend durch Unternehmen verarbeitet, f\u00fcr die DS-GVO Anwendung findet. Sollte doch die Verarbeitung durch Dienste Dritter au\u00dferhalb der Europ\u00e4ischen Union oder des Europ\u00e4ischen Wirtschaftsraums stattfinden, so m\u00fcssen diese die besonderen Voraussetzungen der Art. 44 ff. DS-GVO erf\u00fcllen. Das bedeutet, die Verarbeitung erfolgt aufgrund besonderer Garantien, wie etwa die von der EU-Kommission offiziell anerkannte Feststellung eines der EU entsprechenden Datenschutzniveaus oder der Beachtung offiziell anerkannter spezieller vertraglicher Verpflichtungen, der so genannten \u201eStandardvertragsklauseln\u201c. Soweit wir aufgrund der Unwirksamkeit des sog. \u201ePrivacy Shields\u201c, nach Art. 49 Abs. 1 S. 1 lit. a) DSGVO die ausdr\u00fcckliche Einwilligung in die Daten\u00fcbermittlung in die USA von Ihnen einholen, weisen wird diesbez\u00fcglich auf das Risiko eines geheimen Zugriffs durch US-Beh\u00f6rden und die Nutzung der Daten zu \u00dcberwachungszwecken, ggf. ohne Rechtsbehelfsm\u00f6glichkeiten f\u00fcr EU-B\u00fcrger, hin.<\/p>\t\t\t\t\t\t<\/div>\n\t\t\t\t<\/div>\n\t\t\t\t\t<\/div>\n\t\t\t\t<\/div>\n\t\t<div class=\"elementor-element elementor-element-0d83bd6 e-flex e-con-boxed e-con e-parent\" data-id=\"0d83bd6\" data-element_type=\"container\">\n\t\t\t\t\t<div class=\"e-con-inner\">\n\t\t\t\t<div class=\"elementor-element elementor-element-9d1b55a elementor-widget elementor-widget-heading\" data-id=\"9d1b55a\" data-element_type=\"widget\" data-widget_type=\"heading.default\">\n\t\t\t\t<div class=\"elementor-widget-container\">\n\t\t\t<h3 class=\"elementor-heading-title elementor-size-default\">L\u00f6schung von Daten und Speicherdauer<\/h3>\t\t<\/div>\n\t\t\t\t<\/div>\n\t\t\t\t<div class=\"elementor-element elementor-element-166f790 elementor-widget elementor-widget-text-editor\" data-id=\"166f790\" data-element_type=\"widget\" data-widget_type=\"text-editor.default\">\n\t\t\t\t<div class=\"elementor-widget-container\">\n\t\t\t\t\t\t\t<p>Sofern nicht in dieser Datenschutzerkl\u00e4rung ausdr\u00fccklich angegeben, werden Ihre personenbezogen Daten gel\u00f6scht oder gesperrt, sobald die zur Verarbeitung erteilte Einwilligung von Ihnen widerrufen wird oder der Zweck f\u00fcr die Speicherung entf\u00e4llt bzw. die Daten f\u00fcr den Zweck nicht mehr erforderlich sind, es sei denn deren weitere Aufbewahrung ist zu Beweiszwecken erforderlich oder dem stehen gesetzliche Aufbewahrungspflichten entgegenstehen. Darunter fallen etwa handelsrechtliche Aufbewahrungspflichten von Gesch\u00e4ftsbriefen nach \u00a7 257 Abs. 1 HGB (6 Jahre) sowie steuerrechtliche Aufbewahrungspflichten nach \u00a7 147 Abs. 1 AO von Belegen (10 Jahre). Wenn die vorgeschriebene Aufbewahrungsfrist abl\u00e4uft, erfolgt eine Sperrung oder L\u00f6schung Ihrer Daten, es sei denn die Speicherung ist weiterhin f\u00fcr einen Vertragsabschluss oder zur Vertragserf\u00fcllung erforderlich.<\/p>\t\t\t\t\t\t<\/div>\n\t\t\t\t<\/div>\n\t\t\t\t\t<\/div>\n\t\t\t\t<\/div>\n\t\t<div class=\"elementor-element elementor-element-ecd5d68 e-flex e-con-boxed e-con e-parent\" data-id=\"ecd5d68\" data-element_type=\"container\">\n\t\t\t\t\t<div class=\"e-con-inner\">\n\t\t\t\t<div class=\"elementor-element elementor-element-49d3163 elementor-widget elementor-widget-heading\" data-id=\"49d3163\" data-element_type=\"widget\" data-widget_type=\"heading.default\">\n\t\t\t\t<div class=\"elementor-widget-container\">\n\t\t\t<h3 class=\"elementor-heading-title elementor-size-default\">Bestehen einer automatisierten Entscheidungsfindung<\/h3>\t\t<\/div>\n\t\t\t\t<\/div>\n\t\t\t\t<div class=\"elementor-element elementor-element-267f690 elementor-widget elementor-widget-text-editor\" data-id=\"267f690\" data-element_type=\"widget\" data-widget_type=\"text-editor.default\">\n\t\t\t\t<div class=\"elementor-widget-container\">\n\t\t\t\t\t\t\t<p>Wir setzen keine automatische Entscheidungsfindung oder ein Profiling ein.<\/p>\t\t\t\t\t\t<\/div>\n\t\t\t\t<\/div>\n\t\t\t\t\t<\/div>\n\t\t\t\t<\/div>\n\t\t<div class=\"elementor-element elementor-element-d58ce98 e-flex e-con-boxed e-con e-parent\" data-id=\"d58ce98\" data-element_type=\"container\">\n\t\t\t\t\t<div class=\"e-con-inner\">\n\t\t\t\t<div class=\"elementor-element elementor-element-256e918 elementor-widget elementor-widget-heading\" data-id=\"256e918\" data-element_type=\"widget\" data-widget_type=\"heading.default\">\n\t\t\t\t<div class=\"elementor-widget-container\">\n\t\t\t<h3 class=\"elementor-heading-title elementor-size-default\">Bereitstellung unserer Website und Erstellung von Logfiles<\/h3>\t\t<\/div>\n\t\t\t\t<\/div>\n\t\t\t\t<div class=\"elementor-element elementor-element-bda34c9 elementor-widget elementor-widget-text-editor\" data-id=\"bda34c9\" data-element_type=\"widget\" data-widget_type=\"text-editor.default\">\n\t\t\t\t<div class=\"elementor-widget-container\">\n\t\t\t\t\t\t\t<ol>\n<li>Wenn Sie unsere Webseite lediglich informatorisch nutzen (also keine Registrierung und auch keine anderweitige \u00dcbermittlung von Informationen), erheben wir nur die personenbezogenen Daten, die Ihr Browser an unseren Server \u00fcbermittelt. Wenn Sie unsere Website betrachten m\u00f6chten, erheben wir die folgenden Daten:\n<ul>\n<li>IP-Adresse;<\/li>\n<li>Internet-Service-Provider des Nutzers;<\/li>\n<li>Datum und Uhrzeit des Abrufs;<\/li>\n<li>Browsertyp;<\/li>\n<li>Sprache und Browser-Version;<\/li>\n<li>Inhalt des Abrufs;<\/li>\n<li>Zeitzone;<\/li>\n<li>Zugriffsstatus\/HTTP-Statuscode;<\/li>\n<li>Datenmenge;<\/li>\n<li>Websites, von denen die Anforderung kommt;<\/li>\n<li>Betriebssystem.<\/li>\n<\/ul>\nEine Speicherung dieser Daten zusammen mit anderen personenbezogenen Daten von Ihnen findet nicht statt.<\/li>\n<li>\u00a0Diese Daten dienen dem Zweck der nutzerfreundlichen, funktionsf\u00e4higen und sicheren Auslieferung unserer Website an Sie mit Funktionen und Inhalten sowie deren Optimierung und statistischen Auswertung.<\/li>\n<li>Rechtsgrundlage hierf\u00fcr ist unser in den obigen Zwecken auch liegendes berechtigtes Interesse an der Datenverarbeitung nach Art. 6 Abs. 1 S.1 lit. f) DS-GVO.<\/li>\n<li>\u00a0Wir speichern aus Sicherheitsgr\u00fcnden diese Daten in Server-Logfiles f\u00fcr die Speicherdauer von Tagen. Nach Ablauf dieser Frist werden diese automatisch gel\u00f6scht, es sei denn wir ben\u00f6tigen deren Aufbewahrung zu Beweiszwecken bei Angriffen auf die Serverinfrastruktur oder anderen Rechtsverletzungen.<\/li>\n<\/ol>\t\t\t\t\t\t<\/div>\n\t\t\t\t<\/div>\n\t\t\t\t\t<\/div>\n\t\t\t\t<\/div>\n\t\t<div class=\"elementor-element elementor-element-7e2427c e-flex e-con-boxed e-con e-parent\" data-id=\"7e2427c\" data-element_type=\"container\">\n\t\t\t\t\t<div class=\"e-con-inner\">\n\t\t\t\t<div class=\"elementor-element elementor-element-f7ab280 elementor-widget elementor-widget-heading\" data-id=\"f7ab280\" data-element_type=\"widget\" data-widget_type=\"heading.default\">\n\t\t\t\t<div class=\"elementor-widget-container\">\n\t\t\t<h3 class=\"elementor-heading-title elementor-size-default\">Cookies<\/h3>\t\t<\/div>\n\t\t\t\t<\/div>\n\t\t\t\t<div class=\"elementor-element elementor-element-3cc1ef6 elementor-widget elementor-widget-text-editor\" data-id=\"3cc1ef6\" data-element_type=\"widget\" data-widget_type=\"text-editor.default\">\n\t\t\t\t<div class=\"elementor-widget-container\">\n\t\t\t\t\t\t\t<ol>\n<li>Wir verwenden sog. Cookies bei Ihrem Besuch unserer Website. Cookies sind kleine Textdateien, die Ihr Internet-Browser auf Ihrem Rechner ablegt und speichert. Wenn Sie unsere Website erneut aufrufen, geben diese Cookies Informationen ab, um Sie automatisch wiederzuerkennen. Zu den Cookies z\u00e4hlen auch die sog. \u201eNutzer-IDs\u201c, wo Angaben der Nutzer mittels pseudonymisierter Profile gespeichert werden. Wir informieren Sie dazu beim Aufruf unserer Website mittels eines Hinweises auf unsere Datenschutzerkl\u00e4rung \u00fcber die Verwendung von Cookies zu den zuvor genannten Zwecken und wie Sie dieser widersprechen bzw. deren Speicherung verhindern k\u00f6nnen (\u201eOpt-out\u201c).<br \/><br \/>Es werden folgende Cookie-Arten unterschieden:\n<ul>\n<li><strong>Notwendige, essentielle Cookies<\/strong>: Essentielle Cookies sind Cookies, die zum Betrieb der Webseite unbedingt erforderlich sind, um bestimmte Funktionen der Webseite wie Logins, Warenkorb oder Nutzereingaben z.B. bzgl. Sprache der Webseite zu speichern.<\/li>\n<li><strong>Session-Cookies<\/strong>: Session-Cookies werden zum Wiedererkennen mehrfacher Nutzung eines Angebots durch denselben Nutzer (z.B. wenn Sie sich eingeloggt haben zur Feststellung Ihres Login-Status) ben\u00f6tigt. Wenn Sie unsere Seite erneut aufrufen, geben diese Cookies Informationen ab, um Sie automatisch wiederzuerkennen. Die so erlangten Informationen dienen dazu, unsere Angebote zu optimieren und Ihnen einen leichteren Zugang auf unsere Seite zu erm\u00f6glichen. Wenn Sie den Browser schlie\u00dfen oder Sie sich ausloggen, werden die Session-Cookies gel\u00f6scht.<\/li>\n<li><strong>Persistente Cookies<\/strong>: Diese Cookies bleiben auch nach dem Schlie\u00dfen des Browsers gespeichert. Sie dienen zur Speicherung des Logins, der Reichweitenmessung und zu Marketingzwecken. Diese werden automatisiert nach einer vorgegebenen Dauer gel\u00f6scht, die sich je nach Cookie unterscheiden kann. In den Sicherheitseinstellungen Ihres Browsers k\u00f6nnen Sie die Cookies jederzeit l\u00f6schen.<\/li>\n<li><strong>Cookies von Drittanbietern (Third-Party-Cookies insb. von Werbetreibenden)<\/strong>: Entsprechend Ihren W\u00fcnschen k\u00f6nnen Sie k\u00f6nnen Ihre Browser-Einstellung konfigurieren und z. B. Die Annahme von Third-Party-Cookies oder allen Cookies ablehnen. Wir weisen Sie jedoch an dieser Stelle darauf hin, dass Sie dann eventuell nicht alle Funktionen dieser Website nutzen k\u00f6nnen. Lesen Sie N\u00e4heres zu diesen Cookies bei den jeweiligen Datenschutzerkl\u00e4rungen zu den Drittanbietern.<\/li>\n<\/ul>\n<\/li>\n<li>\u00a0<strong>Datenkategorien<\/strong>: Nutzerdaten, Cookie, Nutzer-ID (inb. die besuchten Seiten, Ger\u00e4teinformationen, Zugriffszeiten und IP-Adressen).<\/li>\n<li>\u00a0<strong>Zwecke der Verarbeitung<\/strong>: Die so erlangten Informationen dienen dem Zweck, unsere Webangebote technisch und wirtschaftlich zu optimieren und Ihnen einen leichteren und sicheren Zugang auf unsere Website zu erm\u00f6glichen.<\/li>\n<li>\u00a0<strong>Rechtsgrundlagen<\/strong>: Wenn wir Ihre personenbezogenen Daten mit Hilfe von Cookies aufgrund Ihrer Einwilligung verarbeiten (\u201eOpt-in\u201c), dann ist Art. 6 Abs. 1 S. 1 lit. a) DSGVO die Rechtsgrundlage. Ansonsten haben wir ein berechtigtes Interesse an der effektiven Funktionalit\u00e4t, Verbesserung und wirtschaftlichen Betrieb der Website, so dass in dem Falle Art. 6 Abs. 1 S. 1 lit. f) DS-GVO Rechtsgrundlage ist. Rechtsgrundlage ist zudem Art. 6 Abs. 1 S. 1 lit. b) DS-GVO, wenn die Cookies zur Vertragsanbahnung z.B. bei Bestellungen gesetzt werden.<\/li>\n<li><strong>Speicherdauer\/ L\u00f6schung<\/strong>: Die Daten werden gel\u00f6scht, sobald sie f\u00fcr die Erreichung des Zweckes ihrer Erhebung nicht mehr erforderlich sind. Im Falle der Erfassung der Daten zur Bereitstellung der Website ist dies der Fall, wenn die jeweilige Session beendet ist. Cookies werden ansonsten auf Ihrem Computer gespeichert und von diesem an unsere Seite \u00fcbermittelt. Daher haben Sie als Nutzer auch die volle Kontrolle \u00fcber die Verwendung von Cookies. Durch eine \u00c4nderung der Einstellungen in Ihrem Internetbrowser k\u00f6nnen Sie die \u00dcbertragung von Cookies deaktivieren oder einschr\u00e4nken. Bereits gespeicherte Cookies k\u00f6nnen jederzeit gel\u00f6scht werden. Dies kann auch automatisiert erfolgen. Werden Cookies f\u00fcr unsere Website deaktiviert, k\u00f6nnen m\u00f6glicherweise nicht mehr alle Funktionen der Website vollumf\u00e4nglich genutzt werden.<br \/><br \/>Hier finden Sie Informationen zur L\u00f6schung von Cookies nach Browsern:\n<ul>\n<li>Chrome:\u00a0<a href=\"https:\/\/support.google.com\/chrome\/answer\/95647\" target=\"_blank\" rel=\"noreferrer noopener\">https:\/\/support.google.com\/chrome\/answer\/95647<\/a><\/li>\n<li>Safari:\u00a0<a href=\"https:\/\/support.apple.com\/de-at\/guide\/safari\/sfri11471\/mac\" target=\"_blank\" rel=\"noreferrer noopener\">https:\/\/support.apple.com\/de-at\/guide\/safari\/sfri11471\/mac<\/a><\/li>\n<li>Firefox:\u00a0<a href=\"https:\/\/support.mozilla.org\/de\/kb\/cookies-und-website-daten-in-firefox-losche\" target=\"_blank\" rel=\"noreferrer noopener\">https:\/\/support.mozilla.org\/de\/kb\/cookies-und-website-daten-in-firefox-loschen<\/a><\/li>\n<li>Internet Explorer:\u00a0<a href=\"https:\/\/support.microsoft.com\/de-at\/help\/17442\/windows-internet-explorer-delete-manage-cookies\" target=\"_blank\" rel=\"noreferrer noopener\">https:\/\/support.microsoft.com\/de-at\/help\/17442\/windows-internet-explorer-delete-manage-cookies<\/a><\/li>\n<li>Microsoft Edge:\u00a0<a href=\"https:\/\/support.microsoft.com\/de-at\/help\/4027947\/windows-delete-cookies\" target=\"_blank\" rel=\"noreferrer noopener\">https:\/\/support.microsoft.com\/de-at\/help\/4027947\/windows-delete-cookies<\/a><\/li>\n<\/ul>\n<\/li>\n<li>\u00a0<strong>Widerspruch und \u201eOpt-Out\u201c:<\/strong>\u00a0Das Speichern von Cookies auf Ihrer Festplatte k\u00f6nnen Sie unabh\u00e4ngig von einer Einwilligung oder gesetzlichen Erlaubnis allgemein verhindern, indem Sie in Ihren Browser-Einstellungen \u201ekeine Cookies akzeptieren\u201c w\u00e4hlen. Dies kann aber eine Funktionseinschr\u00e4nkung unserer Angebote zur Folge haben. Sie k\u00f6nnen dem Einsatz von Cookies von Drittanbietern zu Werbezwecken \u00fcber ein sog. \u201eOpt-out\u201c \u00fcber diese amerikanische Website (https:\/\/optout.aboutads.info) oder diese europ\u00e4ische Website (http:\/\/www.youronlinechoices.com\/de\/praferenzmanagement\/) widersprechen.<\/li>\n<li>Zur Verwaltung der eingesetzten Cookies und \u00e4hnlichen Technologien (Tracking-Pixel, Web-Beacons etc.) und diesbez\u00fcglicher Einwilligungen setzen wir das Consent Tool \u201eReal Cookie Banner\u201c ein. Details zur Funktionsweise von \u201eReal Cookie Banner\u201c finden Sie unter <a href=\"https:\/\/devowl.io\/de\/rcb\/datenverarbeitung\/\" target=\"_blank\" rel=\"noreferrer noopener\">https:\/\/devowl.io\/de\/rcb\/datenverarbeitung\/<\/a>. Rechtsgrundlagen f\u00fcr die Verarbeitung von personenbezogenen Daten in diesem Zusammenhang sind Art. 6 Abs. 1 lit. c DS-GVO und Art. 6 Abs. 1 lit. f DS-GVO. Unser berechtigtes Interesse ist die Verwaltung der eingesetzten Cookies und \u00e4hnlichen Technologien und der diesbez\u00fcglichen Einwilligungen. Die Bereitstellung der personenbezogenen Daten ist weder vertraglich vorgeschrieben noch f\u00fcr den Abschluss eines Vertrages notwendig. Sie sind nicht verpflichtet die personenbezogenen Daten bereitzustellen. Wenn Sie die personenbezogenen Daten nicht bereitstellen, k\u00f6nnen wir Ihre Einwilligungen nicht verwalten.<\/li>\n<\/ol>\t\t\t\t\t\t<\/div>\n\t\t\t\t<\/div>\n\t\t\t\t\t<\/div>\n\t\t\t\t<\/div>\n\t\t<div class=\"elementor-element elementor-element-e541306 e-flex e-con-boxed e-con e-parent\" data-id=\"e541306\" data-element_type=\"container\">\n\t\t\t\t\t<div class=\"e-con-inner\">\n\t\t\t\t<div class=\"elementor-element elementor-element-31aab02 elementor-widget elementor-widget-heading\" data-id=\"31aab02\" data-element_type=\"widget\" data-widget_type=\"heading.default\">\n\t\t\t\t<div class=\"elementor-widget-container\">\n\t\t\t<h3 class=\"elementor-heading-title elementor-size-default\">Cookie Consent L\u00f6sungen<\/h3>\t\t<\/div>\n\t\t\t\t<\/div>\n\t\t\t\t<div class=\"elementor-element elementor-element-5f8edb1 elementor-widget elementor-widget-text-editor\" data-id=\"5f8edb1\" data-element_type=\"widget\" data-widget_type=\"text-editor.default\">\n\t\t\t\t<div class=\"elementor-widget-container\">\n\t\t\t\t\t\t\t<ol>\n<li>\u00a0Wir haben auf unserer Website den Consent Manager Provider (CMP) (Diensteanbieter: Jaohawi AB, H\u00e5ltegelv\u00e4gen 1b, 72348 V\u00e4ster\u00e5s, Schweden, Website: https:\/\/www.consentmanager.de) als Zustimmungsverwaltungsdienst integriert.<\/li>\n<li>\u00a0Datenkategorien und Beschreibung der Datenverarbeitung: Cookies, Datum und Uhrzeit des Besuchs, Ger\u00e4teinformation, Browser-Informationen, Anonymisierte IP-Adresse, Opt-in und Opt-out-Daten. Durch diesen Dienst k\u00f6nnen wir Ihre Einwilligung zur Speicherung von Cookies einholen und diese auch dokumentieren. Zudem wird dazu ein Cookie in Ihrem Browser gespeichert, um Ihnen die erteilte Einwilligung bzw. deren Widerruf zuordnen zu k\u00f6nnen. Nachfolgend finden Sie weitere Informationen in der Datenschutzerkl\u00e4rung des Datenverarbeiters CMP:\u00a0<a href=\"https:\/\/www.consentmanager.de\/privacy.php\" target=\"_blank\" rel=\"noreferrer noopener\">https:\/\/www.consentmanager.de\/privacy.php.<\/a><\/li>\n<li>\u00a0<strong>Zwecke der Datenverarbeitung<\/strong>: Einhaltung gesetzlicher Verpflichtungen, Zustimmungsspeicher.<\/li>\n<li>\u00a0<strong>Rechtsgrundlagen:<\/strong>\u00a0Die Rechtsgrundlage f\u00fcr die Verarbeitung der personenbezogenen Daten ist unser in den obigen Zwecken liegendes berechtigtes Interesse gem\u00e4\u00df Art. 6 Abs. 1 S. 1 lit. f) DS-GVO sowie die Erf\u00fcllung gesetzlicher Pflichten nach Art. 6 Abs. 1 S. 1 lit. c) DS-GVO.<\/li>\n<li>\u00a0<strong>Speicherdauer:<\/strong>\u00a0Speicherung der Daten bis Sie das CMP-Cookie in Ihrem Browser selbst l\u00f6schen oder der Zweck f\u00fcr die Datenspeicherung entf\u00e4llt. Der Widerrufsbeleg einer vormals erteilten Einwilligung wird f\u00fcr die Dauer von drei Jahren aufbewahrt. Die Aufbewahrung gr\u00fcndet zum einen in unserer Rechenschaftspflicht gem\u00e4\u00df Art. 5 Abs. 2 DSGVO.<\/li>\n<li>\u00a0<strong>Daten\u00fcbermittlung\/Empf\u00e4ngerkategorie:<\/strong>\u00a0CMP Anbieter in Europa. Wir haben deshalb einen Vertrag zur Auftragsverarbeitung nach Art. 28 DS-GVO mit dem Datenverarbeiter abgeschlossen.<\/li>\n<\/ol>\t\t\t\t\t\t<\/div>\n\t\t\t\t<\/div>\n\t\t\t\t\t<\/div>\n\t\t\t\t<\/div>\n\t\t<div class=\"elementor-element elementor-element-e7b1a4a e-flex e-con-boxed e-con e-parent\" data-id=\"e7b1a4a\" data-element_type=\"container\">\n\t\t\t\t\t<div class=\"e-con-inner\">\n\t\t\t\t<div class=\"elementor-element elementor-element-d39877b elementor-widget elementor-widget-heading\" data-id=\"d39877b\" data-element_type=\"widget\" data-widget_type=\"heading.default\">\n\t\t\t\t<div class=\"elementor-widget-container\">\n\t\t\t<h3 class=\"elementor-heading-title elementor-size-default\">Kontaktaufnahme per Kontaktformular \/ E-Mail \/ Fax \/ Post<\/h3>\t\t<\/div>\n\t\t\t\t<\/div>\n\t\t\t\t<div class=\"elementor-element elementor-element-8e47b97 elementor-widget elementor-widget-text-editor\" data-id=\"8e47b97\" data-element_type=\"widget\" data-widget_type=\"text-editor.default\">\n\t\t\t\t<div class=\"elementor-widget-container\">\n\t\t\t\t\t\t\t<ol>\n<li>Bei der Kontaktaufnahme mit uns per Kontaktformular, Fax, Post oder E-Mail werden Ihre Angaben zum Zwecke der Abwicklung der Kontaktanfrage verarbeitet.<\/li>\n<li>Rechtsgrundlage f\u00fcr die Verarbeitung der Daten ist bei Vorliegen einer Einwilligung von Ihnen Art. 6 Abs. 1 S. 1 lit. a) DS-GVO. Rechtsgrundlage f\u00fcr die Verarbeitung der Daten, die im Zuge einer Kontaktanfrage oder E-Mail, eines Briefes oder Faxes \u00fcbermittelt werden, ist Art. 6 Abs. 1 S. 1 lit. f) DS-GVO. Der Verantwortliche hat ein berechtigtes Interesse an der Verarbeitung und Speicherung der Daten, um Anfragen der Nutzer beantworten zu k\u00f6nnen, zur Beweissicherung aus Haftungsgr\u00fcnden und um ggf. seiner gesetzlichen Aufbewahrungspflichten bei Gesch\u00e4ftsbriefen nachkommen zu k\u00f6nnen. Zielt der Kontakt auf den Abschluss eines Vertrages ab, so ist zus\u00e4tzliche Rechtsgrundlage f\u00fcr die Verarbeitung Art. 6 Abs. 1 S. 1 lit. b) DS-GVO.<\/li>\n<li>Wir k\u00f6nnen Ihre Angaben und Kontaktanfrage in unserem Customer-Relationship-Management System (\u201eCRM System\u201c) oder einem vergleichbaren System speichern.<\/li>\n<li>Die Daten werden gel\u00f6scht, sobald sie f\u00fcr die Erreichung des Zweckes ihrer Erhebung nicht mehr erforderlich sind. F\u00fcr die personenbezogenen Daten aus der Eingabemaske des Kontaktformulars und diejenigen, die per E-Mail \u00fcbersandt wurden, ist dies dann der Fall, wenn die jeweilige Konversation mit Ihnen beendet ist. Beendet ist die Konversation dann, wenn sich aus den Umst\u00e4nden entnehmen l\u00e4sst, dass der betroffene Sachverhalt abschlie\u00dfend gekl\u00e4rt ist. Anfragen von Nutzern, die \u00fcber einen Account bzw. Vertrag mit uns verf\u00fcgen, speichern wir bis zum Ablauf von zwei Jahren nach Vertragsbeendigung. Im Fall von gesetzlichen Archivierungspflichten erfolgt die L\u00f6schung nach deren Ablauf: Ende handelsrechtlicher (6 Jahre) und steuerrechtlicher (10 Jahre) Aufbewahrungspflicht.<\/li>\n<li>Sie haben jederzeit die M\u00f6glichkeit, die Einwilligung nach Art. 6 Abs. 1 S. 1 lit. a) DS-GVO zur Verarbeitung der personenbezogenen Daten zu widerrufen. Nehmen Sie per E-Mail Kontakt mit uns auf, so k\u00f6nnen Sie der Speicherung der personenbezogenen Daten jederzeit widersprechen.<\/li>\n<\/ol>\t\t\t\t\t\t<\/div>\n\t\t\t\t<\/div>\n\t\t\t\t\t<\/div>\n\t\t\t\t<\/div>\n\t\t<div class=\"elementor-element elementor-element-5040695 e-flex e-con-boxed e-con e-parent\" data-id=\"5040695\" data-element_type=\"container\">\n\t\t\t\t\t<div class=\"e-con-inner\">\n\t\t\t\t<div class=\"elementor-element elementor-element-9d5936d elementor-widget elementor-widget-heading\" data-id=\"9d5936d\" data-element_type=\"widget\" data-widget_type=\"heading.default\">\n\t\t\t\t<div class=\"elementor-widget-container\">\n\t\t\t<h3 class=\"elementor-heading-title elementor-size-default\">Kontaktaufnahme per Telefon<\/h3>\t\t<\/div>\n\t\t\t\t<\/div>\n\t\t\t\t<div class=\"elementor-element elementor-element-63dec95 elementor-widget elementor-widget-text-editor\" data-id=\"63dec95\" data-element_type=\"widget\" data-widget_type=\"text-editor.default\">\n\t\t\t\t<div class=\"elementor-widget-container\">\n\t\t\t\t\t\t\t<ol>\n<li>Bei der Kontaktaufnahme mit uns per Telefon wird Ihre Telefonnummer zur Bearbeitung der Kontaktanfrage und deren Abwicklung verarbeitet und tempor\u00e4r im RAM \/ Cache des Telefonger\u00e4tes \/ Displays gespeichert bzw. angezeigt. Die Speicherung erfolgt aus Haftungs- und Sicherheitsgr\u00fcnden, um den Beweis des Anrufs f\u00fchren zu k\u00f6nnen sowie aus wirtschaftlichen Gr\u00fcnden, um einen R\u00fcckruf zu erm\u00f6glichen. Im Falle von unberechtigten Werbeanrufen, sperren wir die Rufnummern.<\/li>\n<li>Rechtsgrundlage f\u00fcr die Verarbeitung der Telefonnummer ist Art. 6 Abs. 1 S. 1 lit. f) DS-GVO. Zielt der Kontakt auf den Abschluss eines Vertrages ab, so ist zus\u00e4tzliche Rechtsgrundlage f\u00fcr die Verarbeitung Art. 6 Abs. 1 lit. b) DS-GVO.<\/li>\n<li>Der Ger\u00e4tecache speichert die Anrufe Tage und \u00fcberschreibt bzw. l\u00f6scht sukzessiv alte Daten, bei Entsorgung des Ger\u00e4tes werden alle Daten gel\u00f6scht und der Speicher ggf. zerst\u00f6rt. Gesperrte Telefonnummer werden j\u00e4hrlich auf die Notwendigkeit der Sperrung gepr\u00fcft.<\/li>\n<li>Sie k\u00f6nnen die Anzeige der Telefonnummer verhindern, indem Sie mit unterdr\u00fcckter Telefonnummer anrufen.<\/li>\n<\/ol>\t\t\t\t\t\t<\/div>\n\t\t\t\t<\/div>\n\t\t\t\t\t<\/div>\n\t\t\t\t<\/div>\n\t\t<div class=\"elementor-element elementor-element-64c4641 e-flex e-con-boxed e-con e-parent\" data-id=\"64c4641\" data-element_type=\"container\">\n\t\t\t\t\t<div class=\"e-con-inner\">\n\t\t\t\t<div class=\"elementor-element elementor-element-7dc13ef elementor-widget elementor-widget-heading\" data-id=\"7dc13ef\" data-element_type=\"widget\" data-widget_type=\"heading.default\">\n\t\t\t\t<div class=\"elementor-widget-container\">\n\t\t\t<h3 class=\"elementor-heading-title elementor-size-default\">Pr\u00e4senz in sozialen Medien<\/h3>\t\t<\/div>\n\t\t\t\t<\/div>\n\t\t\t\t<div class=\"elementor-element elementor-element-8f314d2 elementor-widget elementor-widget-text-editor\" data-id=\"8f314d2\" data-element_type=\"widget\" data-widget_type=\"text-editor.default\">\n\t\t\t\t<div class=\"elementor-widget-container\">\n\t\t\t\t\t\t\t<ol>\n<li>Wir unterhalten in sozialen Medien Profile bzw. Fanpages. Bei der Nutzung und dem Aufruf unseres Profils im jeweiligen Netzwerk durch Sie gelten die jeweiligen Datenschutzhinweise und Nutzungsbedingungen des jeweiligen Netzwerks.<\/li>\n<li><strong>Datenkategorien und Beschreibung der Datenverarbeitung:<\/strong>\u00a0Nutzungsdaten, Kontaktdaten, Inhaltsdaten, Bestandsdaten. Ferner werden die Daten der Nutzer innerhalb sozialer Netzwerke im Regelfall f\u00fcr Marktforschungs- und Werbezwecke verarbeitet. So k\u00f6nnen z.B. anhand des Nutzungsverhaltens und sich daraus ergebender Interessen der Nutzer Nutzungsprofile erstellt werden. Die Nutzungsprofile k\u00f6nnen wiederum verwendet werden, um z.B. Werbeanzeigen innerhalb und au\u00dferhalb der Netzwerke zu schalten, die mutma\u00dflich den Interessen der Nutzer entsprechen. Zu diesen Zwecken werden im Regelfall Cookies auf den Rechnern der Nutzer gespeichert, in denen das Nutzungsverhalten und die Interessen der Nutzer gespeichert werden. Ferner k\u00f6nnen in den Nutzungsprofilen auch Daten unabh\u00e4ngig der von den Nutzern verwendeten Ger\u00e4te gespeichert werden (insbesondere, wenn die Nutzer Mitglieder der jeweiligen Plattformen sind und bei diesen eingeloggt sind). F\u00fcr eine detaillierte Darstellung der jeweiligen Verarbeitungsformen und der Widerspruchsm\u00f6glichkeiten (Opt-Out) verweisen wir auf die Datenschutzerkl\u00e4rungen und Angaben der Betreiber der jeweiligen Netzwerke. Auch im Fall von Auskunftsanfragen und der Geltendmachung von Betroffenenrechten weisen wir darauf hin, dass diese am effektivsten bei den Anbietern geltend gemacht werden k\u00f6nnen. Nur die Anbieter haben jeweils Zugriff auf die Daten der Nutzer und k\u00f6nnen direkt entsprechende Ma\u00dfnahmen ergreifen und Ausk\u00fcnfte geben. Sollten Sie dennoch Hilfe ben\u00f6tigen, dann k\u00f6nnen Sie sich an uns wenden.<\/li>\n<li><strong>Zweck der Verarbeitung:<\/strong>\u00a0Kommunikation mit den auf den sozialen Netzwerken angeschlossenen und registrierten Nutzern; Information und Werbung f\u00fcr unsere Produkte, Angebote und Dienstleistungen; Au\u00dferdarstellung und Imagepflege; Auswertung und Analyse der Nutzer und Inhalte unserer Pr\u00e4senzen in den sozialen Medien.<\/li>\n<li><strong>Rechtsgrundlagen:<\/strong>\u00a0Die Rechtsgrundlage f\u00fcr die Verarbeitung der personenbezogenen Daten ist unser in den obigen Zwecken liegendes berechtigtes Interesse gem\u00e4\u00df Art. 6 Abs. 1 S. 1 lit. f) DS-GVO. Soweit Sie uns bzw. dem Verantwortlichen des sozialen Netzwerks eine Einwilligung in die Verarbeitung Ihrer personenbezogenen Daten erteilt haben, ist Rechtsgrundlage Art. 6 Abs. 1 S. 1 lit. a) i.V.m. Art. 7 DS-GVO.<\/li>\n<li><strong>Daten\u00fcbermittlung\/Empf\u00e4ngerkategorie:<\/strong>\u00a0Soziales Netzwerk.<\/li>\n<li>Die Datenschutzhinweise, Auskunftsm\u00f6glichkeiten und Widerspruchm\u00f6glichkeiten (Opt-Out) der jeweiligen Netzwerke \/ Diensteanbieter finden Sie hier:\n<ul>\n<li><strong>XING<\/strong>\u00a0\u2013 Diensteanbieter: XING AG, Dammtorstra\u00dfe 29-32, 20354 Hamburg, Deutschland) \u2013 Datenschutzerkl\u00e4rung\/ Opt-Out:\u00a0<a href=\"https:\/\/privacy.xing.com\/de\/datenschutzerklaerung\" target=\"_blank\" rel=\"noreferrer noopener\">https:\/\/privacy.xing.com\/de\/datenschutzerklaerung<\/a>.<\/li>\n<\/ul>\n<\/li>\n<\/ol>\t\t\t\t\t\t<\/div>\n\t\t\t\t<\/div>\n\t\t\t\t\t<\/div>\n\t\t\t\t<\/div>\n\t\t<div class=\"elementor-element elementor-element-844987e e-flex e-con-boxed e-con e-parent\" data-id=\"844987e\" data-element_type=\"container\">\n\t\t\t\t\t<div class=\"e-con-inner\">\n\t\t\t\t<div class=\"elementor-element elementor-element-e01ccd3 elementor-widget elementor-widget-heading\" data-id=\"e01ccd3\" data-element_type=\"widget\" data-widget_type=\"heading.default\">\n\t\t\t\t<div class=\"elementor-widget-container\">\n\t\t\t<h3 class=\"elementor-heading-title elementor-size-default\">Social-Media-Plug-ins<\/h3>\t\t<\/div>\n\t\t\t\t<\/div>\n\t\t\t\t<div class=\"elementor-element elementor-element-972cd7e elementor-widget elementor-widget-text-editor\" data-id=\"972cd7e\" data-element_type=\"widget\" data-widget_type=\"text-editor.default\">\n\t\t\t\t<div class=\"elementor-widget-container\">\n\t\t\t\t\t\t\t<ol>\n<li>Wir setzen auf unserer Webseite Social-Media-Plug-ins von sozialen Netzwerken ein. Dabei nutzen wir die sog. \u201eZwei-Klick-L\u00f6sung\u201c-Shariff von c\u2019t bzw. heise.de:\u00a0<a href=\"https:\/\/www.heise.de\/ct\/artikel\/Shariff-Social-Media-Buttons-mit-Datenschutz-2467514.html\" target=\"_blank\" rel=\"noreferrer noopener\">https:\/\/www.heise.de\/ct\/artikel\/Shariff-Social-Media-Buttons-mit-Datenschutz-2467514.html<\/a>; Dienstanbieter: Heise Medien GmbH &amp; Co. KG, Karl-Wiechert-Allee 10, 30625 Hannover, Deutschland; Datenschutzerkl\u00e4rung:\u00a0<a href=\"https:\/\/www.heise.de\/Datenschutzerklaerung-der-Heise-Medien-GmbH-Co-KG-4860.html\" target=\"_blank\" rel=\"noreferrer noopener\">https:\/\/www.heise.de\/Datenschutzerklaerung-der-Heise-Medien-GmbH-Co-KG-4860.html<\/a>.<\/li>\n<li><strong>Datenkategorie und Beschreibung der Datenverarbeitung:<\/strong>\u00a0Nutzungsdaten, Inhaltsdaten, Bestandsdaten. Beim Abruf unserer Website werden durch \u201eShariff\u201c keine personenbezogenen Daten an die Drittanbieter der Social-Plug-ins \u00fcbermittelt. Neben dem Logo bzw. der Marke des sozialen Netzwerks finden Sie einen Regler, mit dem Sie das Plug-in per Klick aktivieren k\u00f6nnen. Diese Aktivierung stellt Ihre Einwilligung in der Form dar, dass der jeweilige Anbieter des sozialen Netzwerks die Information erh\u00e4lt, dass Sie unsere Website aufgerufen haben und Ihre personenbezogenen Daten an den Anbieter des Plug-ins \u00fcbermittelt und dort gespeichert werden. Hierbei handelt es sich um sog. Thirdparty Cookies. Bei einigen Anbietern wie Facebook und XING wird nach deren Angaben Ihre IP nach der Erhebung sofort anonymisiert. Die \u00fcber den Nutzer erhobenen Daten speichert der Plug-in-Anbieter als Nutzungsprofile. Sie k\u00f6nnen Ihre Einwilligung jederzeit durch die Deaktivierung des Reglers widerrufen.<\/li>\n<li><strong>Zweck der Datenverarbeitung:<\/strong>\u00a0Verbesserung und Optimierung unserer Website; Steigerung unserer Bekanntheit mittels sozialer Netzwerke; M\u00f6glichkeit der Interaktion mit Ihnen und der Nutzer untereinander \u00fcber soziale Netzwerke; Werbung, Analyse und\/oder bedarfsgerechten Gestaltung der Website.<\/li>\n<li><strong>Rechtsgrundlagen:<\/strong>\u00a0Die Rechtsgrundlage f\u00fcr die Verarbeitung der personenbezogenen Daten ist unser in den obigen Zwecken liegendes berechtigtes Interesse gem\u00e4\u00df Art. 6 Abs. 1 S. 1 lit. f) DS-GVO. Soweit Sie uns bzw. dem Verantwortlichen des sozialen Netzwerks eine Einwilligung in die Verarbeitung Ihrer personenbezogenen Daten erteilt haben, ist Rechtsgrundlage Art. 6 Abs. 1 S. 1 lit. a) i.V.m. Art. 7 DS-GVO. Bei vorvertraglichen Anfragen oder bei der Nutzung Ihrer personenbezogenen Daten zur Vertragserf\u00fcllung, ist Art. 6 Abs. 1 S. 1 lit. b) DS-GVO Rechtsgrundlage.<\/li>\n<li><strong>Daten\u00fcbermittlung\/Empf\u00e4ngerkategorie:<\/strong>\u00a0Soziales Netzwerk.<\/li>\n<li><strong>Genutzte soziale Netzwerke und Widerspruch:<\/strong> Wir verweisen hinsichtlich des Zwecks und Umfangs der Datenerhebung und Verarbeitung auf die jeweiligen Datenschutzerkl\u00e4rungen der sozialen Netzwerke. Zudem finden Sie dort auch Hinweise zu Ihren Rechten und Einstellungsm\u00f6glichkeiten zum Schutz Ihrer personenbezogenen Daten. Ihnen steht ein Widerspruchsrecht gegen die Bildung dieser Nutzerprofile zu, wobei Sie sich zur Aus\u00fcbung dieser Rechte direkt an den jeweiligen Plug-in-Anbieter wenden k\u00f6nnen.<\/li>\n<\/ol>\t\t\t\t\t\t<\/div>\n\t\t\t\t<\/div>\n\t\t\t\t\t<\/div>\n\t\t\t\t<\/div>\n\t\t<div class=\"elementor-element elementor-element-02c1895 e-flex e-con-boxed e-con e-parent\" data-id=\"02c1895\" data-element_type=\"container\">\n\t\t\t\t\t<div class=\"e-con-inner\">\n\t\t\t\t<div class=\"elementor-element elementor-element-d6a1e9d elementor-widget elementor-widget-heading\" data-id=\"d6a1e9d\" data-element_type=\"widget\" data-widget_type=\"heading.default\">\n\t\t\t\t<div class=\"elementor-widget-container\">\n\t\t\t<h3 class=\"elementor-heading-title elementor-size-default\">XING<\/h3>\t\t<\/div>\n\t\t\t\t<\/div>\n\t\t\t\t<div class=\"elementor-element elementor-element-bda222d elementor-widget elementor-widget-text-editor\" data-id=\"bda222d\" data-element_type=\"widget\" data-widget_type=\"text-editor.default\">\n\t\t\t\t<div class=\"elementor-widget-container\">\n\t\t\t\t\t\t\t<ol>\n<li>Wir haben auf unserer Website Plug-ins vom sozialen Netzwerk XING (XING AG, Dammtorstra\u00dfe 29-32, 20354 Hamburg, Deutschland) im Rahmen der sog. \u201eZwei-Klick-L\u00f6sung\u201c von Shariff integriert. Diese erkennen Sie am Share-Button mit wei\u00dfem Logo von XING und dem \u201eX\u201c Symbol auf gr\u00fcnem Hintergrund.<\/li>\n<li>Wenn Sie auf unserer Website den Share-Button von XING willentlich aktivieren, f\u00fchrt dies beim Aufruf der jeweiligen Internetseite dazu, dass Ihr Browser eine Verbindung mit dem Server von XING aufbaut. Dabei werden laut XING keine Daten \u00fcber den Aufruf gespeichert, aus denen XING einen unmittelbaren Personenbezug herleiten k\u00f6nnte. XING speichert insbesondere keine IP-Adressen von Ihnen und verwendet auch keine Cookies. Beim Klick auf den Share-Button werden Sie zur Startseite von XING umgeleitet, auf der Sie dann \u2013 falls Sie eingeloggt sind \u2013 unsere Seite empfehlen k\u00f6nnen, was dem Zweck der Steigerung unserer Bekanntheit und Reichweite dient. Hinsichtlich dieser Aktivit\u00e4ten auf der XING Plattform gilt die unten genannte Datenschutzerkl\u00e4rung von XING.<\/li>\n<li>Wenn Sie sich bei XING vor dem Besuch unserer Website ausloggen und Ihre Cookies l\u00f6schen, werden bei der Aktivierung des Plug-ins keine Daten \u00fcber den Besuch unserer Website Ihrem Profil auf XING zugeordnet.<\/li>\n<li>Zweck und Umfang der Datenerhebung sowie ihre weitere Verarbeitung und Nutzung der Daten durch XING sowie Ihre diesbez\u00fcglichen Rechte und Einstellungsm\u00f6glichkeiten zum Schutz Ihrer Privatsph\u00e4re, k\u00f6nnen Sie den Datenschutzhinweisen von XING zum Share-Button entnehmen unter\u00a0<a href=\"https:\/\/www.xing.com\/app\/share%3Fop%3Ddata_protection\" target=\"_blank\" rel=\"noreferrer noopener\">https:\/\/www.xing.com\/app\/share%3Fop%3Ddata_protection<\/a>\u00a0sowie der allgemeinen Datenschutzerkl\u00e4rung von XING unter\u00a0<a href=\"https:\/\/privacy.xing.com\/de\/datenschutzerklaerung\" target=\"_blank\" rel=\"noreferrer noopener\">https:\/\/privacy.xing.com\/de\/datenschutzerklaerung<\/a>.<\/li>\n<\/ol>\t\t\t\t\t\t<\/div>\n\t\t\t\t<\/div>\n\t\t\t\t\t<\/div>\n\t\t\t\t<\/div>\n\t\t<div class=\"elementor-element elementor-element-81f0e07 e-flex e-con-boxed e-con e-parent\" data-id=\"81f0e07\" data-element_type=\"container\">\n\t\t\t\t\t<div class=\"e-con-inner\">\n\t\t\t\t<div class=\"elementor-element elementor-element-460e683 elementor-widget elementor-widget-heading\" data-id=\"460e683\" data-element_type=\"widget\" data-widget_type=\"heading.default\">\n\t\t\t\t<div class=\"elementor-widget-container\">\n\t\t\t<h3 class=\"elementor-heading-title elementor-size-default\">Datenschutz bei Bewerbungen und im Bewerberverfahren<\/h3>\t\t<\/div>\n\t\t\t\t<\/div>\n\t\t\t\t<div class=\"elementor-element elementor-element-393f73f elementor-widget elementor-widget-text-editor\" data-id=\"393f73f\" data-element_type=\"widget\" data-widget_type=\"text-editor.default\">\n\t\t\t\t<div class=\"elementor-widget-container\">\n\t\t\t\t\t\t\t<ol>\n<li>Bewerbungen, die auf elektronischem Wege oder per Post an den Verantwortlichen gesendet werden, werden zum Zwecke der Abwicklung des Bewerberverfahrens elektronisch oder manuell verarbeitet.<\/li>\n<li>Wir weisen ausdr\u00fccklich darauf hin, dass Bewerbungsunterlagen mit \u201ebesonderen Kategorien personenbezogener Daten\u201c nach Art. 9 DS-GVO (z.B. ein Foto, welches R\u00fcckschl\u00fcsse auf Ihre ethnische Herkunft, Religion oder Ihren Familienstand gibt), mit Ausnahme einer eventuellen Schwerbehinderung, welche Sie aus freier Entscheidung offenlegen m\u00f6chten, unerw\u00fcnscht sind. Sie sollen Ihre Bewerbung ohne diese Daten einreichen. Dies hat keine Auswirkungen auf Ihre Bewerberchancen.<\/li>\n<li>Rechtsgrundlagen f\u00fcr die Verarbeitung sind Art. 6 Abs. 1 S.1 lit. b) DS-GVO sowie \u00a7 26 BDSG n.F.<\/li>\n<li>Wird nach Abschluss des Bewerberverfahrens, ein Arbeitsverh\u00e4ltnis mit dem Bewerber \/ der Bewerberin eingegangen, werden die Bewerberdaten unter Beachtung einschl\u00e4giger Datenschutzvorschriften gespeichert. Wird Ihnen nach Abschluss des Bewerberverfahrens keine Stelle angeboten, so wird Ihr eingereichtes Bewerbungsschreiben samt Unterlagen 6 Monate nach Versand der Absage gel\u00f6scht, um etwaigen Anspr\u00fcchen und Nachweispflichten nach AGG gen\u00fcgen zu k\u00f6nnen.<\/li>\n<\/ol>\t\t\t\t\t\t<\/div>\n\t\t\t\t<\/div>\n\t\t\t\t\t<\/div>\n\t\t\t\t<\/div>\n\t\t<div class=\"elementor-element elementor-element-7203dfb e-flex e-con-boxed e-con e-parent\" data-id=\"7203dfb\" data-element_type=\"container\">\n\t\t\t\t\t<div class=\"e-con-inner\">\n\t\t\t\t<div class=\"elementor-element elementor-element-b9c61ab elementor-widget elementor-widget-heading\" data-id=\"b9c61ab\" data-element_type=\"widget\" data-widget_type=\"heading.default\">\n\t\t\t\t<div class=\"elementor-widget-container\">\n\t\t\t<h3 class=\"elementor-heading-title elementor-size-default\">Rechte der betroffenen Person<\/h3>\t\t<\/div>\n\t\t\t\t<\/div>\n\t\t\t\t<div class=\"elementor-element elementor-element-db239c2 elementor-widget elementor-widget-text-editor\" data-id=\"db239c2\" data-element_type=\"widget\" data-widget_type=\"text-editor.default\">\n\t\t\t\t<div class=\"elementor-widget-container\">\n\t\t\t\t\t\t\t<ol>\n<li><strong>Widerspruch oder Widerruf gegen die Verarbeitung Ihrer Daten<\/strong> <br \/>Soweit die Verarbeitung auf Ihrer Einwilligung gem\u00e4\u00df Art. 6 Abs. 1 S. 1 lit. a), Art. 7 DS-GVO beruht, haben Sie das Recht, die Einwilligung jederzeit zu widerrufen. Die Rechtm\u00e4\u00dfigkeit der aufgrund der Einwilligung bis zum Widerruf erfolgten Verarbeitung wird dadurch nicht ber\u00fchrt. Soweit wir die Verarbeitung Ihrer personenbezogenen Daten auf die Interessenabw\u00e4gung gem\u00e4\u00df Art. 6 Abs. 1 S. 1 lit. f) DS-GVO st\u00fctzen, k\u00f6nnen Sie Widerspruch gegen die Verarbeitung einlegen. Dies ist der Fall, wenn die Verarbeitung insbesondere nicht zur Erf\u00fcllung eines Vertrags mit Ihnen erforderlich ist, was von uns jeweils bei der nachfolgenden Beschreibung der Funktionen dargestellt wird. Bei Aus\u00fcbung eines solchen Widerspruchs bitten wir um Darlegung der Gr\u00fcnde, weshalb wir Ihre personenbezogenen Daten nicht wie von uns durchgef\u00fchrt verarbeiten sollten. Im Falle Ihres begr\u00fcndeten Widerspruchs pr\u00fcfen wir die Sachlage und werden entweder die Datenverarbeitung einstellen bzw. anpassen oder Ihnen unsere zwingenden schutzw\u00fcrdigen Gr\u00fcnde aufzeigen, aufgrund derer wir die Verarbeitung fortf\u00fchren.<br \/><br \/>Sie k\u00f6nnen der Verarbeitung Ihrer personenbezogenen Daten f\u00fcr Zwecke der Werbung und Datenanalyse jederzeit widersprechen. Das Widerspruchsrecht k\u00f6nnen Sie kostenfrei aus\u00fcben. \u00dcber Ihren Werbewiderspruch k\u00f6nnen Sie uns unter folgenden Kontaktdaten informieren:<br \/><br \/>IOMTech GmbH<br \/>K\u00f6penicker Str. 9<br \/>10997 Berlin<br \/>Gesch\u00e4ftsf\u00fchrer Marc D\u00fcffelmeyer<br \/>Handelsregister\/Nr.: HRB 76975<br \/>Registergericht: Amtsgericht Berlin Charlottenburg<br \/>Fax:\u00a0<a href=\"fac:+4903061791711\">+49 (0)30 617917-11<\/a><br \/>E-Mail-Adresse:\u00a0<a href=\"mailto:info@iomtech.de\">info@iomtech.de<\/a><\/li>\n<li><strong>Recht auf Auskunft<\/strong> <br \/>Sie haben das Recht, von uns eine Best\u00e4tigung dar\u00fcber zu verlangen, ob Sie betreffende personenbezogene Daten verarbeitet werden. Sofern dies der Fall ist, haben Sie ein Recht auf Auskunft \u00fcber Ihre bei uns gespeicherten pers\u00f6nlichen Daten nach Art. 15 DS-GVO. Dies beinhaltet insbesondere die Auskunft \u00fcber die Verarbeitungszwecke, die Kategorie der personenbezogenen Daten, die Kategorien von Empf\u00e4ngern, gegen\u00fcber denen Ihre Daten offengelegt wurden oder werden, die geplante Speicherdauer, die Herkunft ihrer Daten, sofern diese nicht direkt bei Ihnen erhoben wurden.<\/li>\n<li><strong>Recht auf Berichtigung<\/strong> <br \/>Sie haben ein Recht auf Berichtigung unrichtiger oder auf Vervollst\u00e4ndigung richtiger Daten nach Art. 16 DS-GVO.<\/li>\n<li><strong>Recht auf L\u00f6schung<\/strong> <br \/>Sie haben ein Recht auf L\u00f6schung Ihrer bei uns gespeicherten Daten nach Art. 17 DS-GVO, es sei denn gesetzliche oder vertraglichen Aufbewahrungsfristen oder andere gesetzliche Pflichten bzw. Rechte zur weiteren Speicherung stehen dieser entgegen.<\/li>\n<li><strong>Recht auf Einschr\u00e4nkung<\/strong> <br \/>Sie haben das Recht, eine Einschr\u00e4nkung bei der Verarbeitung Ihrer personenbezogenen Daten zu verlangen, wenn eine der Voraussetzungen in Art. 18 Abs. 1 lit. a) bis d) DS-GVO erf\u00fcllt ist:\n<ul>\n<li>Wenn Sie die Richtigkeit der Sie betreffenden personenbezogenen f\u00fcr eine Dauer bestreiten, die es dem Verantwortlichen erm\u00f6glicht, die Richtigkeit der personenbezogenen Daten zu \u00fcberpr\u00fcfen;<\/li>\n<li>die Verarbeitung unrechtm\u00e4\u00dfig ist und Sie die L\u00f6schung der personenbezogenen Daten ablehnen und stattdessen die Einschr\u00e4nkung der Nutzung der personenbezogenen Daten verlangen;<\/li>\n<li>der Verantwortliche die personenbezogenen Daten f\u00fcr die Zwecke der Verarbeitung nicht l\u00e4nger ben\u00f6tigt, Sie diese jedoch zur Geltendmachung, Aus\u00fcbung oder Verteidigung von Rechtsanspr\u00fcchen ben\u00f6tigen, oder<\/li>\n<li>wenn Sie Widerspruch gegen die Verarbeitung gem\u00e4\u00df Art. 21 Abs. 1 DS-GVO eingelegt haben und noch nicht feststeht, ob die berechtigten Gr\u00fcnde des Verantwortlichen gegen\u00fcber Ihren Gr\u00fcnden \u00fcberwiegen.<\/li>\n<\/ul>\n<\/li>\n<li><strong>Recht auf Daten\u00fcbertragbarkeit<\/strong> <br \/>Sie haben ein Recht auf Daten\u00fcbertragbarkeit nach Art. 20 DS-GVO, was bedeutet, dass Sie die bei uns \u00fcber Sie gespeicherten personenbezogenen Daten in einem strukturierten, g\u00e4ngigen und maschinenlesbaren Format erhalten k\u00f6nnen oder die \u00dcbermittlung an einen anderen Verantwortlichen verlangen k\u00f6nnen.<\/li>\n<li><strong>Recht auf Beschwerde<\/strong> <br \/>Sie haben ein Recht auf Beschwerde bei einer Aufsichtsbeh\u00f6rde. In der Regel k\u00f6nnen Sie sich hierf\u00fcr an die Aufsichtsbeh\u00f6rde insbesondere in dem Mitgliedstaat ihres Aufenthaltsorts, ihres Arbeitsplatzes oder des Orts des mutma\u00dflichen Versto\u00dfes wenden.<\/li>\n<\/ol>\t\t\t\t\t\t<\/div>\n\t\t\t\t<\/div>\n\t\t\t\t\t<\/div>\n\t\t\t\t<\/div>\n\t\t<div class=\"elementor-element elementor-element-d4f2f33 e-flex e-con-boxed e-con e-parent\" data-id=\"d4f2f33\" data-element_type=\"container\">\n\t\t\t\t\t<div class=\"e-con-inner\">\n\t\t\t\t<div class=\"elementor-element elementor-element-8f59c99 elementor-widget elementor-widget-heading\" data-id=\"8f59c99\" data-element_type=\"widget\" data-widget_type=\"heading.default\">\n\t\t\t\t<div class=\"elementor-widget-container\">\n\t\t\t<h3 class=\"elementor-heading-title elementor-size-default\">Datensicherheit<\/h3>\t\t<\/div>\n\t\t\t\t<\/div>\n\t\t\t\t<div class=\"elementor-element elementor-element-9b502b8 elementor-widget elementor-widget-text-editor\" data-id=\"9b502b8\" data-element_type=\"widget\" data-widget_type=\"text-editor.default\">\n\t\t\t\t<div class=\"elementor-widget-container\">\n\t\t\t\t\t\t\t<p>Um alle personenbezogen Daten, die an uns \u00fcbermittelt werden, zu sch\u00fctzen und um sicherzustellen, dass die Datenschutzvorschriften von uns, aber auch unseren externen Dienstleistern eingehalten werden, haben wir geeignete technische und organisatorische Sicherheitsma\u00dfnahmen getroffen. Deshalb werden unter anderem alle Daten zwischen Ihrem Browser und unserem Server \u00fcber eine sichere SSL-Verbindung verschl\u00fcsselt \u00fcbertragen.<\/p>\n<p>Stand: 09.11.2020<\/p>\t\t\t\t\t\t<\/div>\n\t\t\t\t<\/div>\n\t\t\t\t\t<\/div>\n\t\t\t\t<\/div>\n\t\t<div class=\"elementor-element elementor-element-550a0b8 e-flex e-con-boxed e-con e-parent\" data-id=\"550a0b8\" data-element_type=\"container\">\n\t\t\t\t\t<div class=\"e-con-inner\">\n\t\t\t\t\t<\/div>\n\t\t\t\t<\/div>\n\t\t\t\t<\/div>\n\t\t","protected":false},"excerpt":{"rendered":"<p>Datenschutzerkl\u00e4rung Wir informieren Sie nachfolgend gem\u00e4\u00df den gesetzlichen Vorgaben des Datenschutzrechts (insb. gem\u00e4\u00df BDSG n.F. und der europ\u00e4ischen Datenschutz-Grundverordnung\u201a DS-GVO\u2018) [&hellip;]<\/p>\n","protected":false},"author":1,"featured_media":0,"parent":0,"menu_order":0,"comment_status":"closed","ping_status":"closed","template":"","meta":{"site-sidebar-layout":"default","site-content-layout":"","ast-site-content-layout":"","site-content-style":"default","site-sidebar-style":"default","ast-global-header-display":"","ast-banner-title-visibility":"","ast-main-header-display":"","ast-hfb-above-header-display":"","ast-hfb-below-header-display":"","ast-hfb-mobile-header-display":"","site-post-title":"disabled","ast-breadcrumbs-content":"","ast-featured-img":"","footer-sml-layout":"","theme-transparent-header-meta":"","adv-header-id-meta":"","stick-header-meta":"","header-above-stick-meta":"","header-main-stick-meta":"","header-below-stick-meta":"","astra-migrate-meta-layouts":"default","ast-page-background-enabled":"default","ast-page-background-meta":{"desktop":{"background-color":"var(--ast-global-color-4)","background-image":"","background-repeat":"repeat","background-position":"center center","background-size":"auto","background-attachment":"scroll","background-type":"","background-media":"","overlay-type":"","overlay-color":"","overlay-opacity":"","overlay-gradient":""},"tablet":{"background-color":"","background-image":"","background-repeat":"repeat","background-position":"center center","background-size":"auto","background-attachment":"scroll","background-type":"","background-media":"","overlay-type":"","overlay-color":"","overlay-opacity":"","overlay-gradient":""},"mobile":{"background-color":"","background-image":"","background-repeat":"repeat","background-position":"center center","background-size":"auto","background-attachment":"scroll","background-type":"","background-media":"","overlay-type":"","overlay-color":"","overlay-opacity":"","overlay-gradient":""}},"ast-content-background-meta":{"desktop":{"background-color":"var(--ast-global-color-5)","background-image":"","background-repeat":"repeat","background-position":"center center","background-size":"auto","background-attachment":"scroll","background-type":"","background-media":"","overlay-type":"","overlay-color":"","overlay-opacity":"","overlay-gradient":""},"tablet":{"background-color":"var(--ast-global-color-5)","background-image":"","background-repeat":"repeat","background-position":"center center","background-size":"auto","background-attachment":"scroll","background-type":"","background-media":"","overlay-type":"","overlay-color":"","overlay-opacity":"","overlay-gradient":""},"mobile":{"background-color":"var(--ast-global-color-5)","background-image":"","background-repeat":"repeat","background-position":"center center","background-size":"auto","background-attachment":"scroll","background-type":"","background-media":"","overlay-type":"","overlay-color":"","overlay-opacity":"","overlay-gradient":""}},"footnotes":""},"class_list":["post-345","page","type-page","status-publish","hentry"],"_links":{"self":[{"href":"https:\/\/iomtech.com\/web\/wp-json\/wp\/v2\/pages\/345","targetHints":{"allow":["GET"]}}],"collection":[{"href":"https:\/\/iomtech.com\/web\/wp-json\/wp\/v2\/pages"}],"about":[{"href":"https:\/\/iomtech.com\/web\/wp-json\/wp\/v2\/types\/page"}],"author":[{"embeddable":true,"href":"https:\/\/iomtech.com\/web\/wp-json\/wp\/v2\/users\/1"}],"replies":[{"embeddable":true,"href":"https:\/\/iomtech.com\/web\/wp-json\/wp\/v2\/comments?post=345"}],"version-history":[{"count":69,"href":"https:\/\/iomtech.com\/web\/wp-json\/wp\/v2\/pages\/345\/revisions"}],"predecessor-version":[{"id":3769,"href":"https:\/\/iomtech.com\/web\/wp-json\/wp\/v2\/pages\/345\/revisions\/3769"}],"wp:attachment":[{"href":"https:\/\/iomtech.com\/web\/wp-json\/wp\/v2\/media?parent=345"}],"curies":[{"name":"wp","href":"https:\/\/api.w.org\/{rel}","templated":true}]}}